{"id":34039,"date":"2026-04-01T20:16:36","date_gmt":"2026-04-02T00:16:36","guid":{"rendered":"https:\/\/forcesavenir.com\/?post_type=cr_emploi&#038;p=34039"},"modified":"2026-04-02T15:09:47","modified_gmt":"2026-04-02T19:09:47","slug":"gestionnaire-administratif-coordonnateur-de-la-selection-secondaire","status":"publish","type":"cr_emploi","link":"https:\/\/forcesavenir.com\/en\/emplois\/gestionnaire-administratif-coordonnateur-de-la-selection-secondaire\/","title":{"rendered":"Gestionnaire administratif\/coordonnateur de la s\u00e9lection et des communications \u2013 relations de presse du programme au secondaire"},"content":{"rendered":"\t\t<div data-elementor-type=\"wp-post\" data-elementor-id=\"34039\" class=\"elementor elementor-34039\" data-elementor-post-type=\"cr_emploi\">\n\t\t\t\t<div class=\"elementor-element elementor-element-f90882a e-flex e-con-boxed e-con e-parent\" data-id=\"f90882a\" data-element_type=\"container\" data-e-type=\"container\">\n\t\t\t\t\t<div class=\"e-con-inner\">\n\t\t\t\t<div class=\"elementor-element elementor-element-fbb1d7c elementor-widget elementor-widget-text-editor\" data-id=\"fbb1d7c\" data-element_type=\"widget\" data-e-type=\"widget\" data-widget_type=\"text-editor.default\">\n\t\t\t\t<div class=\"elementor-widget-container\">\n\t\t\t\t\t\t\t\t\t<h3 class=\"p1\"><b>L\u2019offre d\u2019emploi chez Forces AVENIR (FA) concerne\u00a0:<\/b><\/h3><ul class=\"ul1\"><li class=\"li2\">Le processus de s\u00e9lection du programme au secondaire<\/li><li class=\"li2\">Le programme de bourses PONT<\/li><li class=\"li2\">Les relations de presse du programme au secondaire<\/li><li class=\"li2\">L\u2019int\u00e9gration de l\u2019information dans des bases de donn\u00e9es<\/li><\/ul><h3 class=\"p3\"><b>FA recherche une personne <\/b><\/h3><ul class=\"ul1\"><li class=\"li4\">Efficace et m\u00e9thodique\u00a0<\/li><li class=\"li4\">Enthousiasme, en g\u00e9n\u00e9ral<\/li><li class=\"li4\">Capable de g\u00e9rer le stress<\/li><li class=\"li4\">Performante derri\u00e8re un bureau de travail<\/li><li class=\"li4\">Excellente dans la gestion d\u2019\u00e9v\u00e9nements<\/li><\/ul><h3 class=\"p5\"><b>Titre<\/b><span class=\"s1\">\u00a0<\/span><\/h3><ul class=\"ul1\"><li class=\"li6\">Gestionnaire administratif\/coordonnateur de la s\u00e9lection secondaire<\/li><li class=\"li6\">Gestionnaire des communications \u2013 relations de presse++<\/li><\/ul><h3 class=\"p5\"><b>Forces AVENIR (FA)<\/b><b><\/b><\/h3><ul class=\"ul1\"><li class=\"li2\">29 ans d\u2019histoire<\/li><li class=\"li2\">Vise \u00e0 reconna\u00eetre des mod\u00e8les extraordinaires d\u2019engagement \u00c9TUDIANT<\/li><\/ul><h2 class=\"p3\"><b>Mandat<\/b><\/h2><h3 class=\"p3\"><b>Gestion de la s\u00e9lection<\/b><\/h3><ul class=\"ul1\"><li class=\"li4\">Administre le syst\u00e8me d\u2019op\u00e9ration<\/li><li class=\"li4\">Compose les jurys sous l\u2019approbation du DGA<\/li><li class=\"li4\">Organise et animer les rencontres en visioconf\u00e9rence<\/li><li class=\"li4\">Recrute des b\u00e9n\u00e9voles pour la lecture des dossiers de candidature<\/li><li class=\"li4\">Envoi les correspondances aux jur\u00e9.es et aux finalistes<\/li><li class=\"li4\">Fait les appels t\u00e9l\u00e9phoniques<\/li><li class=\"li4\">G\u00e8re les plateforme Web de FA\u00a0<\/li><\/ul><ul><li style=\"list-style-type: none;\"><ol class=\"ul1\"><li class=\"li4\">Cr\u00e9e les acc\u00e8s pour les nouveaux jur\u00e9.es<\/li><li class=\"li4\">G\u00e8re les \u00e9valuations des jur\u00e9.es<\/li><li class=\"li4\">Diffuse les entrevues de s\u00e9lection<\/li><\/ol><\/li><\/ul><h3 class=\"p3\"><b>Gestion du programme de bourses <\/b><b><i>Pont<\/i><\/b><b><i><\/i><\/b><\/h3><ul class=\"ul1\"><li class=\"li4\">Tient les registres \u00e0 jour<\/li><li class=\"li4\">Cr\u00e9e les onglets de travail<\/li><li class=\"li4\">Produit les rapports num\u00e9riques<\/li><li class=\"li4\">Signe les documents officiels<\/li><li class=\"li4\">Pr\u00e9pare les pochettes \u00e0 remettre<\/li><li class=\"li4\">Tient \u00e0 jour les gabarits num\u00e9riques<\/li><\/ul><h3 class=\"p7\"><b>Relations de presse \u2013 Programme au secondaire<\/b><\/h3><ul class=\"ul1\"><li class=\"li8\">G\u00e8re le syst\u00e8me d\u2019op\u00e9ration relation de presse<\/li><li class=\"li8\">Refait la liste de presse tel que propos\u00e9 dans le syst\u00e8me d\u2019op\u00e9ration pour tenir compte, notamment\u00a0:<\/li><\/ul><ol><li style=\"list-style-type: none;\"><ol class=\"ul1\"><li class=\"li8\">Lieu de naissance\/lieu de r\u00e9sidence du candidat ou de la candidate<\/li><li class=\"li8\">R\u00e9gion de son \u00e9tablissement d\u2019enseignement<\/li><li class=\"li8\">M\u00e9dias dans l\u2019\u00e9tablissement d\u2019enseignement<\/li><li class=\"li8\">M\u00e9dias locaux\/r\u00e9gionaux\/nationaux \u2013 radio\/journaux\/t\u00e9l\u00e9vision\/sites internet<\/li><li class=\"li8\">M\u00e9dias sociaux<\/li><li class=\"li8\">M\u00e9dias sp\u00e9cialis\u00e9s\/magazines\/<\/li><\/ol><\/li><\/ol><ul class=\"ul1\"><li class=\"li8\">Entretient une relation avec les diff\u00e9rents m\u00e9dias<\/li><li class=\"li8\">Fait parvenir les communiqu\u00e9s de presse \/ photos \/ bas de vignettes \/ textes \/ vid\u00e9os en utilisant la formule Drive<\/li><li class=\"li8\">Assure le transfert des photos prises aux Galas Forces AVENIR dans le syst\u00e8me et des textes descriptifs<\/li><li class=\"li8\">Fait les suivis t\u00e9l\u00e9phoniques pour assurer la r\u00e9ception du mat\u00e9riel et la diffusion<\/li><li class=\"li8\">Fait les entrevues avec les m\u00e9dias, le cas \u00e9ch\u00e9ant<\/li><li class=\"li8\">Produit du contenu pour r\u00e9pondre \u00e0 la demande<\/li><li class=\"li8\">Compile la revue de presse<\/li><li class=\"li8\">D\u2019autres t\u00e2ches connexes<\/li><\/ul><h5 class=\"p7\"><em><b>Vous r\u00eavez de participer \u00e0 une entreprise sociale qui a un impact significatif en \u00e9ducation? <\/b><span class=\"s2\">Le poste est fait pour vous!<\/span><\/em><\/h5><h3 class=\"p5\"><b>Endroit<\/b><\/h3><p class=\"p6\">Ville de Qu\u00e9bec. Bureau \u00e0 Loretteville.<\/p><h3 class=\"p7\"><b>Profil recherch\u00e9<\/b><\/h3><ul class=\"ul1\"><li class=\"li8\">Dipl\u00f4me universitaire en administration\/communication\/gestion \u00e9v\u00e9nementielle<\/li><li class=\"li8\">Technique dans un programme de gestion, combin\u00e9e \u00e0 une exp\u00e9rience de travail pertinente<\/li><li class=\"li8\">Minimum de 5 ans d\u2019exp\u00e9rience dans un r\u00f4le similaire<\/li><li class=\"li8\">Aisance communicationnelle<\/li><li class=\"li8\">Ma\u00eetrise de la langue fran\u00e7aise<\/li><li class=\"li8\">Ma\u00eetrise de l\u2019anglais, un atout<\/li><li class=\"li8\">Ma\u00eetrise d\u2019Excel et de la Suite Office<\/li><li class=\"li8\">Autonome au travail<\/li><\/ul><h3 class=\"p5\"><b>Conditions<\/b><b><\/b><\/h3><ul class=\"ul1\"><li class=\"li6\">Salaire annuel\u00a0comp\u00e9titif<\/li><li class=\"li6\">Assurances collectives<\/li><li class=\"li6\">Environnement de travail d\u00e9contract\u00e9 et excellente synergie entre les coll\u00e8gues<\/li><li class=\"li6\">Horaire flexible de 40 h (fin de la semaine d\u00e8s 16 h le vendredi)<\/li><li class=\"li6\">4 semaines de vacances<\/li><li class=\"li6\">5 cong\u00e9s de maladie\/repos<\/li><li class=\"li6\">Jeudi et vendredi en t\u00e9l\u00e9travail\u00a0quand c\u2019est possible et sous l\u2019autorisation du DGA.<\/li><\/ul><p class=\"p9\">*Les heures de travail peuvent d\u00e9passer 40 h\/semaine \u00e0 cause de la nature des fonctions, notamment au cours des p\u00e9riodes suivantes\u00a0: s\u00e9lection, Galas Forces AVENIR, relations de presse.<\/p><h3 class=\"p5\"><b>Type d\u2019emploi\u00a0: temps plein, permanent.<\/b><\/h3>\t\t\t\t\t\t\t\t<\/div>\n\t\t\t\t<\/div>\n\t\t\t\t\t<\/div>\n\t\t\t\t<\/div>\n\t\t\t\t<\/div>\n\t\t","protected":false},"featured_media":34084,"template":"","cr_categorie_emploi":[427],"class_list":["post-34039","cr_emploi","type-cr_emploi","status-publish","has-post-thumbnail","hentry","cr_categorie_emploi-gestionnaire"],"acf":[],"yoast_head":"<!-- This site is optimized with the Yoast SEO plugin v27.3 - https:\/\/yoast.com\/product\/yoast-seo-wordpress\/ -->\n<title>Gestionnaire administratif\/coordonnateur de la s\u00e9lection et des communications \u2013 relations de presse du programme au secondaire - Forces AVENIR<\/title>\n<meta name=\"robots\" content=\"index, follow, max-snippet:-1, max-image-preview:large, max-video-preview:-1\" \/>\n<link rel=\"canonical\" href=\"https:\/\/forcesavenir.com\/en\/emplois\/gestionnaire-administratif-coordonnateur-de-la-selection-secondaire\/\" \/>\n<meta property=\"og:locale\" content=\"en_US\" \/>\n<meta property=\"og:type\" content=\"article\" \/>\n<meta property=\"og:title\" content=\"Gestionnaire administratif\/coordonnateur de la s\u00e9lection et des communications \u2013 relations de presse du programme au secondaire - Forces AVENIR\" \/>\n<meta property=\"og:description\" content=\"L\u2019offre d\u2019emploi chez Forces AVENIR (FA) concerne\u00a0: Le processus de s\u00e9lection du programme au secondaire Le programme de bourses PONT Les relations de presse du programme au secondaire L\u2019int\u00e9gration de l\u2019information dans des bases de donn\u00e9es FA recherche une personne Efficace et m\u00e9thodique\u00a0 Enthousiasme, en g\u00e9n\u00e9ral Capable de g\u00e9rer le stress Performante derri\u00e8re un bureau&hellip;\" \/>\n<meta property=\"og:url\" content=\"https:\/\/forcesavenir.com\/en\/emplois\/gestionnaire-administratif-coordonnateur-de-la-selection-secondaire\/\" \/>\n<meta property=\"og:site_name\" content=\"Forces AVENIR\" \/>\n<meta property=\"article:publisher\" content=\"https:\/\/www.facebook.com\/ForcesAVENIR\/\" \/>\n<meta property=\"article:modified_time\" content=\"2026-04-02T19:09:47+00:00\" \/>\n<meta property=\"og:image\" content=\"https:\/\/forcesavenir.com\/wp-content\/uploads\/2026\/04\/ThrophesAVENIR_Thumnail.webp\" \/>\n\t<meta property=\"og:image:width\" content=\"1920\" \/>\n\t<meta property=\"og:image:height\" content=\"1280\" \/>\n\t<meta property=\"og:image:type\" content=\"image\/webp\" \/>\n<meta name=\"twitter:card\" content=\"summary_large_image\" \/>\n<meta name=\"twitter:site\" content=\"@forcesavenir\" \/>\n<meta name=\"twitter:label1\" content=\"Est. reading time\" \/>\n\t<meta name=\"twitter:data1\" content=\"3 minutes\" \/>\n<script type=\"application\/ld+json\" class=\"yoast-schema-graph\">{\"@context\":\"https:\\\/\\\/schema.org\",\"@graph\":[{\"@type\":\"WebPage\",\"@id\":\"https:\\\/\\\/forcesavenir.com\\\/en\\\/emplois\\\/gestionnaire-administratif-coordonnateur-de-la-selection-secondaire\\\/\",\"url\":\"https:\\\/\\\/forcesavenir.com\\\/en\\\/emplois\\\/gestionnaire-administratif-coordonnateur-de-la-selection-secondaire\\\/\",\"name\":\"Gestionnaire administratif\\\/coordonnateur de la s\u00e9lection et des communications \u2013 relations de presse du programme au secondaire - Forces AVENIR\",\"isPartOf\":{\"@id\":\"https:\\\/\\\/forcesavenir.com\\\/en\\\/#website\"},\"primaryImageOfPage\":{\"@id\":\"https:\\\/\\\/forcesavenir.com\\\/en\\\/emplois\\\/gestionnaire-administratif-coordonnateur-de-la-selection-secondaire\\\/#primaryimage\"},\"image\":{\"@id\":\"https:\\\/\\\/forcesavenir.com\\\/en\\\/emplois\\\/gestionnaire-administratif-coordonnateur-de-la-selection-secondaire\\\/#primaryimage\"},\"thumbnailUrl\":\"https:\\\/\\\/forcesavenir.com\\\/wp-content\\\/uploads\\\/2026\\\/04\\\/ThrophesAVENIR_Thumnail.webp\",\"datePublished\":\"2026-04-02T00:16:36+00:00\",\"dateModified\":\"2026-04-02T19:09:47+00:00\",\"breadcrumb\":{\"@id\":\"https:\\\/\\\/forcesavenir.com\\\/en\\\/emplois\\\/gestionnaire-administratif-coordonnateur-de-la-selection-secondaire\\\/#breadcrumb\"},\"inLanguage\":\"en-US\",\"potentialAction\":[{\"@type\":\"ReadAction\",\"target\":[\"https:\\\/\\\/forcesavenir.com\\\/en\\\/emplois\\\/gestionnaire-administratif-coordonnateur-de-la-selection-secondaire\\\/\"]}]},{\"@type\":\"ImageObject\",\"inLanguage\":\"en-US\",\"@id\":\"https:\\\/\\\/forcesavenir.com\\\/en\\\/emplois\\\/gestionnaire-administratif-coordonnateur-de-la-selection-secondaire\\\/#primaryimage\",\"url\":\"https:\\\/\\\/forcesavenir.com\\\/wp-content\\\/uploads\\\/2026\\\/04\\\/ThrophesAVENIR_Thumnail.webp\",\"contentUrl\":\"https:\\\/\\\/forcesavenir.com\\\/wp-content\\\/uploads\\\/2026\\\/04\\\/ThrophesAVENIR_Thumnail.webp\",\"width\":1920,\"height\":1280},{\"@type\":\"BreadcrumbList\",\"@id\":\"https:\\\/\\\/forcesavenir.com\\\/en\\\/emplois\\\/gestionnaire-administratif-coordonnateur-de-la-selection-secondaire\\\/#breadcrumb\",\"itemListElement\":[{\"@type\":\"ListItem\",\"position\":1,\"name\":\"Accueil\",\"item\":\"https:\\\/\\\/forcesavenir.com\\\/en\\\/\"},{\"@type\":\"ListItem\",\"position\":2,\"name\":\"Emplois\",\"item\":\"https:\\\/\\\/forcesavenir.com\\\/en\\\/emplois\\\/\"},{\"@type\":\"ListItem\",\"position\":3,\"name\":\"Gestionnaire administratif\\\/coordonnateur de la s\u00e9lection et des communications \u2013 relations de presse du programme au secondaire\"}]},{\"@type\":\"WebSite\",\"@id\":\"https:\\\/\\\/forcesavenir.com\\\/en\\\/#website\",\"url\":\"https:\\\/\\\/forcesavenir.com\\\/en\\\/\",\"name\":\"Forces AVENIR\",\"description\":\"\",\"publisher\":{\"@id\":\"https:\\\/\\\/forcesavenir.com\\\/en\\\/#organization\"},\"potentialAction\":[{\"@type\":\"SearchAction\",\"target\":{\"@type\":\"EntryPoint\",\"urlTemplate\":\"https:\\\/\\\/forcesavenir.com\\\/en\\\/?s={search_term_string}\"},\"query-input\":{\"@type\":\"PropertyValueSpecification\",\"valueRequired\":true,\"valueName\":\"search_term_string\"}}],\"inLanguage\":\"en-US\"},{\"@type\":\"Organization\",\"@id\":\"https:\\\/\\\/forcesavenir.com\\\/en\\\/#organization\",\"name\":\"Forces AVENIR\",\"url\":\"https:\\\/\\\/forcesavenir.com\\\/en\\\/\",\"logo\":{\"@type\":\"ImageObject\",\"inLanguage\":\"en-US\",\"@id\":\"https:\\\/\\\/forcesavenir.com\\\/en\\\/#\\\/schema\\\/logo\\\/image\\\/\",\"url\":\"https:\\\/\\\/forcesavenir.com\\\/wp-content\\\/uploads\\\/2024\\\/03\\\/Logo_FA_500px.webp\",\"contentUrl\":\"https:\\\/\\\/forcesavenir.com\\\/wp-content\\\/uploads\\\/2024\\\/03\\\/Logo_FA_500px.webp\",\"width\":500,\"height\":223,\"caption\":\"Forces AVENIR\"},\"image\":{\"@id\":\"https:\\\/\\\/forcesavenir.com\\\/en\\\/#\\\/schema\\\/logo\\\/image\\\/\"},\"sameAs\":[\"https:\\\/\\\/www.facebook.com\\\/ForcesAVENIR\\\/\",\"https:\\\/\\\/x.com\\\/forcesavenir\",\"https:\\\/\\\/www.instagram.com\\\/forcesavenir\\\/\",\"https:\\\/\\\/www.youtube.com\\\/user\\\/ForcesAvenir\"]}]}<\/script>\n<!-- \/ Yoast SEO plugin. -->","yoast_head_json":{"title":"Gestionnaire administratif\/coordonnateur de la s\u00e9lection et des communications \u2013 relations de presse du programme au secondaire - Forces AVENIR","robots":{"index":"index","follow":"follow","max-snippet":"max-snippet:-1","max-image-preview":"max-image-preview:large","max-video-preview":"max-video-preview:-1"},"canonical":"https:\/\/forcesavenir.com\/en\/emplois\/gestionnaire-administratif-coordonnateur-de-la-selection-secondaire\/","og_locale":"en_US","og_type":"article","og_title":"Gestionnaire administratif\/coordonnateur de la s\u00e9lection et des communications \u2013 relations de presse du programme au secondaire - Forces AVENIR","og_description":"L\u2019offre d\u2019emploi chez Forces AVENIR (FA) concerne\u00a0: Le processus de s\u00e9lection du programme au secondaire Le programme de bourses PONT Les relations de presse du programme au secondaire L\u2019int\u00e9gration de l\u2019information dans des bases de donn\u00e9es FA recherche une personne Efficace et m\u00e9thodique\u00a0 Enthousiasme, en g\u00e9n\u00e9ral Capable de g\u00e9rer le stress Performante derri\u00e8re un bureau&hellip;","og_url":"https:\/\/forcesavenir.com\/en\/emplois\/gestionnaire-administratif-coordonnateur-de-la-selection-secondaire\/","og_site_name":"Forces AVENIR","article_publisher":"https:\/\/www.facebook.com\/ForcesAVENIR\/","article_modified_time":"2026-04-02T19:09:47+00:00","og_image":[{"width":1920,"height":1280,"url":"https:\/\/forcesavenir.com\/wp-content\/uploads\/2026\/04\/ThrophesAVENIR_Thumnail.webp","type":"image\/webp"}],"twitter_card":"summary_large_image","twitter_site":"@forcesavenir","twitter_misc":{"Est. reading time":"3 minutes"},"schema":{"@context":"https:\/\/schema.org","@graph":[{"@type":"WebPage","@id":"https:\/\/forcesavenir.com\/en\/emplois\/gestionnaire-administratif-coordonnateur-de-la-selection-secondaire\/","url":"https:\/\/forcesavenir.com\/en\/emplois\/gestionnaire-administratif-coordonnateur-de-la-selection-secondaire\/","name":"Gestionnaire administratif\/coordonnateur de la s\u00e9lection et des communications \u2013 relations de presse du programme au secondaire - Forces AVENIR","isPartOf":{"@id":"https:\/\/forcesavenir.com\/en\/#website"},"primaryImageOfPage":{"@id":"https:\/\/forcesavenir.com\/en\/emplois\/gestionnaire-administratif-coordonnateur-de-la-selection-secondaire\/#primaryimage"},"image":{"@id":"https:\/\/forcesavenir.com\/en\/emplois\/gestionnaire-administratif-coordonnateur-de-la-selection-secondaire\/#primaryimage"},"thumbnailUrl":"https:\/\/forcesavenir.com\/wp-content\/uploads\/2026\/04\/ThrophesAVENIR_Thumnail.webp","datePublished":"2026-04-02T00:16:36+00:00","dateModified":"2026-04-02T19:09:47+00:00","breadcrumb":{"@id":"https:\/\/forcesavenir.com\/en\/emplois\/gestionnaire-administratif-coordonnateur-de-la-selection-secondaire\/#breadcrumb"},"inLanguage":"en-US","potentialAction":[{"@type":"ReadAction","target":["https:\/\/forcesavenir.com\/en\/emplois\/gestionnaire-administratif-coordonnateur-de-la-selection-secondaire\/"]}]},{"@type":"ImageObject","inLanguage":"en-US","@id":"https:\/\/forcesavenir.com\/en\/emplois\/gestionnaire-administratif-coordonnateur-de-la-selection-secondaire\/#primaryimage","url":"https:\/\/forcesavenir.com\/wp-content\/uploads\/2026\/04\/ThrophesAVENIR_Thumnail.webp","contentUrl":"https:\/\/forcesavenir.com\/wp-content\/uploads\/2026\/04\/ThrophesAVENIR_Thumnail.webp","width":1920,"height":1280},{"@type":"BreadcrumbList","@id":"https:\/\/forcesavenir.com\/en\/emplois\/gestionnaire-administratif-coordonnateur-de-la-selection-secondaire\/#breadcrumb","itemListElement":[{"@type":"ListItem","position":1,"name":"Accueil","item":"https:\/\/forcesavenir.com\/en\/"},{"@type":"ListItem","position":2,"name":"Emplois","item":"https:\/\/forcesavenir.com\/en\/emplois\/"},{"@type":"ListItem","position":3,"name":"Gestionnaire administratif\/coordonnateur de la s\u00e9lection et des communications \u2013 relations de presse du programme au secondaire"}]},{"@type":"WebSite","@id":"https:\/\/forcesavenir.com\/en\/#website","url":"https:\/\/forcesavenir.com\/en\/","name":"Forces AVENIR","description":"","publisher":{"@id":"https:\/\/forcesavenir.com\/en\/#organization"},"potentialAction":[{"@type":"SearchAction","target":{"@type":"EntryPoint","urlTemplate":"https:\/\/forcesavenir.com\/en\/?s={search_term_string}"},"query-input":{"@type":"PropertyValueSpecification","valueRequired":true,"valueName":"search_term_string"}}],"inLanguage":"en-US"},{"@type":"Organization","@id":"https:\/\/forcesavenir.com\/en\/#organization","name":"Forces AVENIR","url":"https:\/\/forcesavenir.com\/en\/","logo":{"@type":"ImageObject","inLanguage":"en-US","@id":"https:\/\/forcesavenir.com\/en\/#\/schema\/logo\/image\/","url":"https:\/\/forcesavenir.com\/wp-content\/uploads\/2024\/03\/Logo_FA_500px.webp","contentUrl":"https:\/\/forcesavenir.com\/wp-content\/uploads\/2024\/03\/Logo_FA_500px.webp","width":500,"height":223,"caption":"Forces AVENIR"},"image":{"@id":"https:\/\/forcesavenir.com\/en\/#\/schema\/logo\/image\/"},"sameAs":["https:\/\/www.facebook.com\/ForcesAVENIR\/","https:\/\/x.com\/forcesavenir","https:\/\/www.instagram.com\/forcesavenir\/","https:\/\/www.youtube.com\/user\/ForcesAvenir"]}]}},"_links":{"self":[{"href":"https:\/\/forcesavenir.com\/en\/wp-json\/wp\/v2\/cr_emploi\/34039","targetHints":{"allow":["GET"]}}],"collection":[{"href":"https:\/\/forcesavenir.com\/en\/wp-json\/wp\/v2\/cr_emploi"}],"about":[{"href":"https:\/\/forcesavenir.com\/en\/wp-json\/wp\/v2\/types\/cr_emploi"}],"version-history":[{"count":15,"href":"https:\/\/forcesavenir.com\/en\/wp-json\/wp\/v2\/cr_emploi\/34039\/revisions"}],"predecessor-version":[{"id":34146,"href":"https:\/\/forcesavenir.com\/en\/wp-json\/wp\/v2\/cr_emploi\/34039\/revisions\/34146"}],"wp:featuredmedia":[{"embeddable":true,"href":"https:\/\/forcesavenir.com\/en\/wp-json\/wp\/v2\/media\/34084"}],"wp:attachment":[{"href":"https:\/\/forcesavenir.com\/en\/wp-json\/wp\/v2\/media?parent=34039"}],"wp:term":[{"taxonomy":"cr_categorie_emploi","embeddable":true,"href":"https:\/\/forcesavenir.com\/en\/wp-json\/wp\/v2\/cr_categorie_emploi?post=34039"}],"curies":[{"name":"wp","href":"https:\/\/api.w.org\/{rel}","templated":true}]}}